{"id":1630,"date":"2023-10-10T08:45:56","date_gmt":"2023-10-10T11:45:56","guid":{"rendered":"https:\/\/ieslolamora-tuc.infd.edu.ar\/sitio\/?page_id=1630"},"modified":"2024-12-25T22:35:12","modified_gmt":"2024-12-26T01:35:12","slug":"programme-dassistants-2023","status":"publish","type":"page","link":"https:\/\/ieslolamora-tuc.infd.edu.ar\/sitio\/programme-dassistants-2023\/","title":{"rendered":"Programme d&#8217;Assistants en Langue Fran\u00e7aise"},"content":{"rendered":"\n<p>Cada a\u00f1o, a partir de los a\u00f1os 90, en el marco del Programa Internacional de Asistentes y Convenios con la Embajada de Francia, Institut Fran\u00e7ais, Ministerio de Educaci\u00f3n de Francia, Ministerio de Educaci\u00f3n de la Naci\u00f3n y Ministerio de Educaci\u00f3n de la Provincia, recibimos Asistentes de Lengua Francesa, en el IES Lola Mora.<\/p>\n\n\n\n<p>Este a\u00f1o, a inicios del mes de agosto, recibimos en nuestra Instituci\u00f3n, a la Srta. Lola Capraro, excelente asistente, quien se encuentra dictando ateliers, asiste a las clases de los diferentes espacios curriculares del Profesorado de Franc\u00e9s, comparte experiencias junto a estudiantes de los otros profesorados que se ofrecen en el IES, acompa\u00f1a a los estudiantes y docentes en las Muestras Institucionales, Jornadas Interinstitucionales, en la preparaci\u00f3n de la Soir\u00e9e Fran\u00e7aise, en el acompa\u00f1amiento de las trayectorias estudiantiles, entre otras valiosas acciones.<\/p>\n\n\n\n<p>Agradecemos el acompa\u00f1amiento a cada Equipo, y Referentes Jurisdiccional y Pedag\u00f3gico,  quienes hacen posible esta misi\u00f3n que redunda en beneficios a toda la Comunidad Educativa del IES Lola Mora, y a toda comunidad que se encuentra asociada a nuestra Instituci\u00f3n. <\/p>\n\n\n\n<p>Compartimos el siguiente enlace con los momentos compartidos en la Bienvenida de nuestra Asistente.<\/p>\n\n\n\n<p>                                                                         <a href=\"https:\/\/photos.app.goo.gl\/wwNEV1qb24aXxAS68\">https:\/\/photos.app.goo.gl\/wwNEV1qb24aXxAS68<\/a>                            <\/p>\n\n\n\n<p>                                                                                                              \u00a1Auguramos \u00e9xitos y bendiciones en cada proyecto!<\/p>\n\n\n\n<p>                                                                                                              Rectora Dra. Prof. Sandra Faedda y Equipo de Conducci\u00f3n IES Lola Mora<\/p>\n\n\n<a class=\"wp-block-read-more\" href=\"https:\/\/ieslolamora-tuc.infd.edu.ar\/sitio\/programme-dassistants-2023\/\" target=\"_self\">Leer m\u00e1s<span class=\"screen-reader-text\">: Programme d&#8217;Assistants en Langue Fran\u00e7aise<\/span><\/a>\n\n\n<figure class=\"wp-block-image size-full\"><img decoding=\"async\" loading=\"lazy\" width=\"857\" height=\"643\" src=\"https:\/\/ieslolamora-tuc.infd.edu.ar\/sitio\/wp-content\/uploads\/2023\/10\/20230808_212914.jpg\" alt=\"\" class=\"wp-image-1673\" srcset=\"https:\/\/ieslolamora-tuc.infd.edu.ar\/sitio\/wp-content\/uploads\/2023\/10\/20230808_212914.jpg 857w, https:\/\/ieslolamora-tuc.infd.edu.ar\/sitio\/wp-content\/uploads\/2023\/10\/20230808_212914-768x576.jpg 768w\" sizes=\"(max-width: 857px) 100vw, 857px\" \/><\/figure>\n\n\n\n<figure class=\"wp-block-image size-full\"><img decoding=\"async\" loading=\"lazy\" width=\"857\" height=\"643\" src=\"https:\/\/ieslolamora-tuc.infd.edu.ar\/sitio\/wp-content\/uploads\/2023\/10\/20230808_212636.jpg\" alt=\"\" class=\"wp-image-1674\" srcset=\"https:\/\/ieslolamora-tuc.infd.edu.ar\/sitio\/wp-content\/uploads\/2023\/10\/20230808_212636.jpg 857w, https:\/\/ieslolamora-tuc.infd.edu.ar\/sitio\/wp-content\/uploads\/2023\/10\/20230808_212636-768x576.jpg 768w\" sizes=\"(max-width: 857px) 100vw, 857px\" \/><figcaption class=\"wp-element-caption\">Bienvenue de notre Assistante Lola &#8211; IES Lola Mora 2023<\/figcaption><\/figure>\n\n\n\n<figure class=\"wp-block-image size-large\"><img decoding=\"async\" loading=\"lazy\" width=\"1900\" height=\"1425\" src=\"https:\/\/ieslolamora-tuc.infd.edu.ar\/sitio\/wp-content\/uploads\/2023\/10\/Reunion-dEquipe-Programme-dAssistant-2023-1900x1425.jpg\" alt=\"\" class=\"wp-image-1669\" srcset=\"https:\/\/ieslolamora-tuc.infd.edu.ar\/sitio\/wp-content\/uploads\/2023\/10\/Reunion-dEquipe-Programme-dAssistant-2023-1900x1425.jpg 1900w, https:\/\/ieslolamora-tuc.infd.edu.ar\/sitio\/wp-content\/uploads\/2023\/10\/Reunion-dEquipe-Programme-dAssistant-2023-1000x750.jpg 1000w, https:\/\/ieslolamora-tuc.infd.edu.ar\/sitio\/wp-content\/uploads\/2023\/10\/Reunion-dEquipe-Programme-dAssistant-2023-768x576.jpg 768w, https:\/\/ieslolamora-tuc.infd.edu.ar\/sitio\/wp-content\/uploads\/2023\/10\/Reunion-dEquipe-Programme-dAssistant-2023-1536x1152.jpg 1536w, https:\/\/ieslolamora-tuc.infd.edu.ar\/sitio\/wp-content\/uploads\/2023\/10\/Reunion-dEquipe-Programme-dAssistant-2023-2048x1536.jpg 2048w\" sizes=\"(max-width: 1900px) 100vw, 1900px\" \/><figcaption class=\"wp-element-caption\">R\u00e9union d&#8217;\u00c9quipe  Programme d&#8217;Assistants 2023<\/figcaption><\/figure>\n\n\n\n<figure class=\"wp-block-image size-full\"><img decoding=\"async\" loading=\"lazy\" width=\"857\" height=\"643\" src=\"https:\/\/ieslolamora-tuc.infd.edu.ar\/sitio\/wp-content\/uploads\/2023\/10\/20230928_202206.jpg\" alt=\"\" class=\"wp-image-1671\" srcset=\"https:\/\/ieslolamora-tuc.infd.edu.ar\/sitio\/wp-content\/uploads\/2023\/10\/20230928_202206.jpg 857w, https:\/\/ieslolamora-tuc.infd.edu.ar\/sitio\/wp-content\/uploads\/2023\/10\/20230928_202206-768x576.jpg 768w\" sizes=\"(max-width: 857px) 100vw, 857px\" \/><\/figure>\n\n\n\n<figure class=\"wp-block-image size-large\"><img decoding=\"async\" loading=\"lazy\" width=\"1900\" height=\"1425\" src=\"https:\/\/ieslolamora-tuc.infd.edu.ar\/sitio\/wp-content\/uploads\/2023\/10\/20230811_194325-1900x1425.jpg\" alt=\"\" class=\"wp-image-1631\" srcset=\"https:\/\/ieslolamora-tuc.infd.edu.ar\/sitio\/wp-content\/uploads\/2023\/10\/20230811_194325-1900x1425.jpg 1900w, https:\/\/ieslolamora-tuc.infd.edu.ar\/sitio\/wp-content\/uploads\/2023\/10\/20230811_194325-1000x750.jpg 1000w, https:\/\/ieslolamora-tuc.infd.edu.ar\/sitio\/wp-content\/uploads\/2023\/10\/20230811_194325-768x576.jpg 768w, https:\/\/ieslolamora-tuc.infd.edu.ar\/sitio\/wp-content\/uploads\/2023\/10\/20230811_194325-1536x1152.jpg 1536w, https:\/\/ieslolamora-tuc.infd.edu.ar\/sitio\/wp-content\/uploads\/2023\/10\/20230811_194325-2048x1536.jpg 2048w\" sizes=\"(max-width: 1900px) 100vw, 1900px\" \/><figcaption class=\"wp-element-caption\">Reuni\u00f3n con nuestra Asistente Y Equipo IES Lola Mora<\/figcaption><\/figure>\n\n\n\n<figure class=\"wp-block-image size-large\"><img decoding=\"async\" loading=\"lazy\" width=\"1900\" height=\"1425\" src=\"https:\/\/ieslolamora-tuc.infd.edu.ar\/sitio\/wp-content\/uploads\/2023\/10\/20231004_210152-1900x1425.jpg\" alt=\"\" class=\"wp-image-1636\" srcset=\"https:\/\/ieslolamora-tuc.infd.edu.ar\/sitio\/wp-content\/uploads\/2023\/10\/20231004_210152-1900x1425.jpg 1900w, https:\/\/ieslolamora-tuc.infd.edu.ar\/sitio\/wp-content\/uploads\/2023\/10\/20231004_210152-1000x750.jpg 1000w, https:\/\/ieslolamora-tuc.infd.edu.ar\/sitio\/wp-content\/uploads\/2023\/10\/20231004_210152-768x576.jpg 768w, https:\/\/ieslolamora-tuc.infd.edu.ar\/sitio\/wp-content\/uploads\/2023\/10\/20231004_210152-1536x1152.jpg 1536w, https:\/\/ieslolamora-tuc.infd.edu.ar\/sitio\/wp-content\/uploads\/2023\/10\/20231004_210152-2048x1536.jpg 2048w\" sizes=\"(max-width: 1900px) 100vw, 1900px\" \/><figcaption class=\"wp-element-caption\">Atelier dictado por la Asistente, Srta. Lola Capraro<\/figcaption><\/figure>\n\n\n\n<figure class=\"wp-block-image size-large\"><img decoding=\"async\" loading=\"lazy\" width=\"1900\" height=\"1425\" src=\"https:\/\/ieslolamora-tuc.infd.edu.ar\/sitio\/wp-content\/uploads\/2023\/10\/20231004_210214-1900x1425.jpg\" alt=\"\" class=\"wp-image-1639\" srcset=\"https:\/\/ieslolamora-tuc.infd.edu.ar\/sitio\/wp-content\/uploads\/2023\/10\/20231004_210214-1900x1425.jpg 1900w, https:\/\/ieslolamora-tuc.infd.edu.ar\/sitio\/wp-content\/uploads\/2023\/10\/20231004_210214-1000x750.jpg 1000w, https:\/\/ieslolamora-tuc.infd.edu.ar\/sitio\/wp-content\/uploads\/2023\/10\/20231004_210214-768x576.jpg 768w, https:\/\/ieslolamora-tuc.infd.edu.ar\/sitio\/wp-content\/uploads\/2023\/10\/20231004_210214-1536x1152.jpg 1536w, https:\/\/ieslolamora-tuc.infd.edu.ar\/sitio\/wp-content\/uploads\/2023\/10\/20231004_210214-2048x1536.jpg 2048w\" sizes=\"(max-width: 1900px) 100vw, 1900px\" \/><\/figure>\n\n\n\n<figure class=\"wp-block-image size-large\"><img decoding=\"async\" loading=\"lazy\" width=\"1900\" height=\"1425\" src=\"https:\/\/ieslolamora-tuc.infd.edu.ar\/sitio\/wp-content\/uploads\/2023\/10\/20231006_201151-1-1900x1425.jpg\" alt=\"\" class=\"wp-image-1642\" srcset=\"https:\/\/ieslolamora-tuc.infd.edu.ar\/sitio\/wp-content\/uploads\/2023\/10\/20231006_201151-1-1900x1425.jpg 1900w, https:\/\/ieslolamora-tuc.infd.edu.ar\/sitio\/wp-content\/uploads\/2023\/10\/20231006_201151-1-1000x750.jpg 1000w, https:\/\/ieslolamora-tuc.infd.edu.ar\/sitio\/wp-content\/uploads\/2023\/10\/20231006_201151-1-768x576.jpg 768w, https:\/\/ieslolamora-tuc.infd.edu.ar\/sitio\/wp-content\/uploads\/2023\/10\/20231006_201151-1-1536x1152.jpg 1536w, https:\/\/ieslolamora-tuc.infd.edu.ar\/sitio\/wp-content\/uploads\/2023\/10\/20231006_201151-1-2048x1536.jpg 2048w\" sizes=\"(max-width: 1900px) 100vw, 1900px\" \/><figcaption class=\"wp-element-caption\">Exposiciones en clases de Lengua Francesa junto a la Srta. Asistente Lola.<\/figcaption><\/figure>\n\n\n\n<figure class=\"wp-block-image size-large\"><img decoding=\"async\" loading=\"lazy\" width=\"1900\" height=\"1425\" src=\"https:\/\/ieslolamora-tuc.infd.edu.ar\/sitio\/wp-content\/uploads\/2023\/10\/20231006_201212-1900x1425.jpg\" alt=\"\" class=\"wp-image-1646\" srcset=\"https:\/\/ieslolamora-tuc.infd.edu.ar\/sitio\/wp-content\/uploads\/2023\/10\/20231006_201212-1900x1425.jpg 1900w, https:\/\/ieslolamora-tuc.infd.edu.ar\/sitio\/wp-content\/uploads\/2023\/10\/20231006_201212-1000x750.jpg 1000w, https:\/\/ieslolamora-tuc.infd.edu.ar\/sitio\/wp-content\/uploads\/2023\/10\/20231006_201212-768x576.jpg 768w, https:\/\/ieslolamora-tuc.infd.edu.ar\/sitio\/wp-content\/uploads\/2023\/10\/20231006_201212-1536x1152.jpg 1536w, https:\/\/ieslolamora-tuc.infd.edu.ar\/sitio\/wp-content\/uploads\/2023\/10\/20231006_201212-2048x1536.jpg 2048w\" sizes=\"(max-width: 1900px) 100vw, 1900px\" \/><\/figure>\n\n\n\n<figure class=\"wp-block-image size-large\"><img decoding=\"async\" loading=\"lazy\" width=\"1900\" height=\"1425\" src=\"https:\/\/ieslolamora-tuc.infd.edu.ar\/sitio\/wp-content\/uploads\/2023\/10\/20231006_212500-1900x1425.jpg\" alt=\"\" class=\"wp-image-1649\" srcset=\"https:\/\/ieslolamora-tuc.infd.edu.ar\/sitio\/wp-content\/uploads\/2023\/10\/20231006_212500-1900x1425.jpg 1900w, https:\/\/ieslolamora-tuc.infd.edu.ar\/sitio\/wp-content\/uploads\/2023\/10\/20231006_212500-1000x750.jpg 1000w, https:\/\/ieslolamora-tuc.infd.edu.ar\/sitio\/wp-content\/uploads\/2023\/10\/20231006_212500-768x576.jpg 768w, https:\/\/ieslolamora-tuc.infd.edu.ar\/sitio\/wp-content\/uploads\/2023\/10\/20231006_212500-1536x1152.jpg 1536w, https:\/\/ieslolamora-tuc.infd.edu.ar\/sitio\/wp-content\/uploads\/2023\/10\/20231006_212500-2048x1536.jpg 2048w\" sizes=\"(max-width: 1900px) 100vw, 1900px\" \/><\/figure>\n\n\n\n<figure class=\"wp-block-image size-large\"><img decoding=\"async\" loading=\"lazy\" width=\"1900\" height=\"1425\" src=\"https:\/\/ieslolamora-tuc.infd.edu.ar\/sitio\/wp-content\/uploads\/2023\/10\/20231006_212509-1900x1425.jpg\" alt=\"\" class=\"wp-image-1651\" srcset=\"https:\/\/ieslolamora-tuc.infd.edu.ar\/sitio\/wp-content\/uploads\/2023\/10\/20231006_212509-1900x1425.jpg 1900w, https:\/\/ieslolamora-tuc.infd.edu.ar\/sitio\/wp-content\/uploads\/2023\/10\/20231006_212509-1000x750.jpg 1000w, https:\/\/ieslolamora-tuc.infd.edu.ar\/sitio\/wp-content\/uploads\/2023\/10\/20231006_212509-768x576.jpg 768w, https:\/\/ieslolamora-tuc.infd.edu.ar\/sitio\/wp-content\/uploads\/2023\/10\/20231006_212509-1536x1152.jpg 1536w, https:\/\/ieslolamora-tuc.infd.edu.ar\/sitio\/wp-content\/uploads\/2023\/10\/20231006_212509-2048x1536.jpg 2048w\" sizes=\"(max-width: 1900px) 100vw, 1900px\" \/><\/figure>\n\n\n\n<figure class=\"wp-block-image size-large\"><img decoding=\"async\" loading=\"lazy\" width=\"1900\" height=\"1425\" src=\"https:\/\/ieslolamora-tuc.infd.edu.ar\/sitio\/wp-content\/uploads\/2023\/10\/Anniversaire-de-notre-Assistante-Lola-avec-la-4eme-annee-du-Professorat-de-Francais-1900x1425.jpg\" alt=\"\" class=\"wp-image-1655\" srcset=\"https:\/\/ieslolamora-tuc.infd.edu.ar\/sitio\/wp-content\/uploads\/2023\/10\/Anniversaire-de-notre-Assistante-Lola-avec-la-4eme-annee-du-Professorat-de-Francais-1900x1425.jpg 1900w, https:\/\/ieslolamora-tuc.infd.edu.ar\/sitio\/wp-content\/uploads\/2023\/10\/Anniversaire-de-notre-Assistante-Lola-avec-la-4eme-annee-du-Professorat-de-Francais-1000x750.jpg 1000w, https:\/\/ieslolamora-tuc.infd.edu.ar\/sitio\/wp-content\/uploads\/2023\/10\/Anniversaire-de-notre-Assistante-Lola-avec-la-4eme-annee-du-Professorat-de-Francais-768x576.jpg 768w, https:\/\/ieslolamora-tuc.infd.edu.ar\/sitio\/wp-content\/uploads\/2023\/10\/Anniversaire-de-notre-Assistante-Lola-avec-la-4eme-annee-du-Professorat-de-Francais-1536x1152.jpg 1536w, https:\/\/ieslolamora-tuc.infd.edu.ar\/sitio\/wp-content\/uploads\/2023\/10\/Anniversaire-de-notre-Assistante-Lola-avec-la-4eme-annee-du-Professorat-de-Francais-2048x1536.jpg 2048w\" sizes=\"(max-width: 1900px) 100vw, 1900px\" \/><figcaption class=\"wp-element-caption\">Anniversaire de Lola <\/figcaption><\/figure>\n\n\n\n<figure class=\"wp-block-image size-large\"><img decoding=\"async\" loading=\"lazy\" width=\"1900\" height=\"1425\" src=\"https:\/\/ieslolamora-tuc.infd.edu.ar\/sitio\/wp-content\/uploads\/2023\/10\/Anniversaire-de-notre-Assistante-1900x1425.jpg\" alt=\"\" class=\"wp-image-1658\" srcset=\"https:\/\/ieslolamora-tuc.infd.edu.ar\/sitio\/wp-content\/uploads\/2023\/10\/Anniversaire-de-notre-Assistante-1900x1425.jpg 1900w, https:\/\/ieslolamora-tuc.infd.edu.ar\/sitio\/wp-content\/uploads\/2023\/10\/Anniversaire-de-notre-Assistante-1000x750.jpg 1000w, https:\/\/ieslolamora-tuc.infd.edu.ar\/sitio\/wp-content\/uploads\/2023\/10\/Anniversaire-de-notre-Assistante-768x576.jpg 768w, https:\/\/ieslolamora-tuc.infd.edu.ar\/sitio\/wp-content\/uploads\/2023\/10\/Anniversaire-de-notre-Assistante-1536x1152.jpg 1536w, https:\/\/ieslolamora-tuc.infd.edu.ar\/sitio\/wp-content\/uploads\/2023\/10\/Anniversaire-de-notre-Assistante-2048x1536.jpg 2048w\" sizes=\"(max-width: 1900px) 100vw, 1900px\" \/><\/figure>\n\n\n\n<figure class=\"wp-block-image size-large\"><img decoding=\"async\" loading=\"lazy\" width=\"1900\" height=\"1425\" src=\"https:\/\/ieslolamora-tuc.infd.edu.ar\/sitio\/wp-content\/uploads\/2023\/10\/Anniversaire-Lola-1900x1425.jpg\" alt=\"\" class=\"wp-image-1659\" srcset=\"https:\/\/ieslolamora-tuc.infd.edu.ar\/sitio\/wp-content\/uploads\/2023\/10\/Anniversaire-Lola-1900x1425.jpg 1900w, https:\/\/ieslolamora-tuc.infd.edu.ar\/sitio\/wp-content\/uploads\/2023\/10\/Anniversaire-Lola-1000x750.jpg 1000w, https:\/\/ieslolamora-tuc.infd.edu.ar\/sitio\/wp-content\/uploads\/2023\/10\/Anniversaire-Lola-768x576.jpg 768w, https:\/\/ieslolamora-tuc.infd.edu.ar\/sitio\/wp-content\/uploads\/2023\/10\/Anniversaire-Lola-1536x1152.jpg 1536w, https:\/\/ieslolamora-tuc.infd.edu.ar\/sitio\/wp-content\/uploads\/2023\/10\/Anniversaire-Lola-2048x1536.jpg 2048w\" sizes=\"(max-width: 1900px) 100vw, 1900px\" \/><\/figure>\n\n\n\n<figure class=\"wp-block-image size-large\"><img decoding=\"async\" loading=\"lazy\" width=\"1900\" height=\"1425\" src=\"https:\/\/ieslolamora-tuc.infd.edu.ar\/sitio\/wp-content\/uploads\/2023\/10\/anniversaire-1900x1425.jpg\" alt=\"\" class=\"wp-image-1660\" srcset=\"https:\/\/ieslolamora-tuc.infd.edu.ar\/sitio\/wp-content\/uploads\/2023\/10\/anniversaire-1900x1425.jpg 1900w, https:\/\/ieslolamora-tuc.infd.edu.ar\/sitio\/wp-content\/uploads\/2023\/10\/anniversaire-1000x750.jpg 1000w, https:\/\/ieslolamora-tuc.infd.edu.ar\/sitio\/wp-content\/uploads\/2023\/10\/anniversaire-768x576.jpg 768w, https:\/\/ieslolamora-tuc.infd.edu.ar\/sitio\/wp-content\/uploads\/2023\/10\/anniversaire-1536x1152.jpg 1536w, https:\/\/ieslolamora-tuc.infd.edu.ar\/sitio\/wp-content\/uploads\/2023\/10\/anniversaire-2048x1536.jpg 2048w\" sizes=\"(max-width: 1900px) 100vw, 1900px\" \/><\/figure>\n\n\n\n<figure class=\"wp-block-image size-large\"><img decoding=\"async\" loading=\"lazy\" width=\"1900\" height=\"1425\" src=\"https:\/\/ieslolamora-tuc.infd.edu.ar\/sitio\/wp-content\/uploads\/2023\/10\/Reunion-avec-Lola-et-lEquipe-1900x1425.jpg\" alt=\"\" class=\"wp-image-1661\" srcset=\"https:\/\/ieslolamora-tuc.infd.edu.ar\/sitio\/wp-content\/uploads\/2023\/10\/Reunion-avec-Lola-et-lEquipe-1900x1425.jpg 1900w, https:\/\/ieslolamora-tuc.infd.edu.ar\/sitio\/wp-content\/uploads\/2023\/10\/Reunion-avec-Lola-et-lEquipe-1000x750.jpg 1000w, https:\/\/ieslolamora-tuc.infd.edu.ar\/sitio\/wp-content\/uploads\/2023\/10\/Reunion-avec-Lola-et-lEquipe-768x576.jpg 768w, https:\/\/ieslolamora-tuc.infd.edu.ar\/sitio\/wp-content\/uploads\/2023\/10\/Reunion-avec-Lola-et-lEquipe-1536x1152.jpg 1536w, https:\/\/ieslolamora-tuc.infd.edu.ar\/sitio\/wp-content\/uploads\/2023\/10\/Reunion-avec-Lola-et-lEquipe-2048x1536.jpg 2048w\" sizes=\"(max-width: 1900px) 100vw, 1900px\" \/><\/figure>\n\n\n\n<figure class=\"wp-block-image size-large\"><img decoding=\"async\" loading=\"lazy\" width=\"1900\" height=\"1425\" src=\"https:\/\/ieslolamora-tuc.infd.edu.ar\/sitio\/wp-content\/uploads\/2023\/10\/Reunion-avec-Lola-1900x1425.jpg\" alt=\"\" class=\"wp-image-1662\" srcset=\"https:\/\/ieslolamora-tuc.infd.edu.ar\/sitio\/wp-content\/uploads\/2023\/10\/Reunion-avec-Lola-1900x1425.jpg 1900w, https:\/\/ieslolamora-tuc.infd.edu.ar\/sitio\/wp-content\/uploads\/2023\/10\/Reunion-avec-Lola-1000x750.jpg 1000w, https:\/\/ieslolamora-tuc.infd.edu.ar\/sitio\/wp-content\/uploads\/2023\/10\/Reunion-avec-Lola-768x576.jpg 768w, https:\/\/ieslolamora-tuc.infd.edu.ar\/sitio\/wp-content\/uploads\/2023\/10\/Reunion-avec-Lola-1536x1152.jpg 1536w, https:\/\/ieslolamora-tuc.infd.edu.ar\/sitio\/wp-content\/uploads\/2023\/10\/Reunion-avec-Lola-2048x1536.jpg 2048w\" sizes=\"(max-width: 1900px) 100vw, 1900px\" \/><\/figure>\n\n\n\n<figure class=\"wp-block-image size-large\"><img decoding=\"async\" loading=\"lazy\" width=\"1900\" height=\"1425\" src=\"https:\/\/ieslolamora-tuc.infd.edu.ar\/sitio\/wp-content\/uploads\/2023\/10\/Reunion-1900x1425.jpg\" alt=\"\" class=\"wp-image-1665\" srcset=\"https:\/\/ieslolamora-tuc.infd.edu.ar\/sitio\/wp-content\/uploads\/2023\/10\/Reunion-1900x1425.jpg 1900w, https:\/\/ieslolamora-tuc.infd.edu.ar\/sitio\/wp-content\/uploads\/2023\/10\/Reunion-1000x750.jpg 1000w, https:\/\/ieslolamora-tuc.infd.edu.ar\/sitio\/wp-content\/uploads\/2023\/10\/Reunion-768x576.jpg 768w, https:\/\/ieslolamora-tuc.infd.edu.ar\/sitio\/wp-content\/uploads\/2023\/10\/Reunion-1536x1152.jpg 1536w, https:\/\/ieslolamora-tuc.infd.edu.ar\/sitio\/wp-content\/uploads\/2023\/10\/Reunion-2048x1536.jpg 2048w\" sizes=\"(max-width: 1900px) 100vw, 1900px\" \/><figcaption class=\"wp-element-caption\">R\u00e9union avec l&#8217;\u00c9quipe de DESyA.<\/figcaption><\/figure>\n","protected":false},"excerpt":{"rendered":"<p>Cada a\u00f1o, a partir de los a\u00f1os 90, en el marco del Programa Internacional de Asistentes y Convenios con la Embajada de Francia, Institut Fran\u00e7ais, Ministerio de Educaci\u00f3n de Francia, Ministerio de Educaci\u00f3n de la Naci\u00f3n y Ministerio de Educaci\u00f3n de la Provincia, recibimos Asistentes de Lengua Francesa, en el IES Lola Mora. Este a\u00f1o, &#8230; <a title=\"Programme d&#8217;Assistants en Langue Fran\u00e7aise\" class=\"read-more\" href=\"https:\/\/ieslolamora-tuc.infd.edu.ar\/sitio\/programme-dassistants-2023\/\" aria-label=\"More on Programme d&#8217;Assistants en Langue Fran\u00e7aise\">[+]<\/a><\/p>\n","protected":false},"author":2983,"featured_media":0,"parent":0,"menu_order":0,"comment_status":"closed","ping_status":"closed","template":"","meta":[],"acf":[],"_links":{"self":[{"href":"https:\/\/ieslolamora-tuc.infd.edu.ar\/sitio\/wp-json\/wp\/v2\/pages\/1630"}],"collection":[{"href":"https:\/\/ieslolamora-tuc.infd.edu.ar\/sitio\/wp-json\/wp\/v2\/pages"}],"about":[{"href":"https:\/\/ieslolamora-tuc.infd.edu.ar\/sitio\/wp-json\/wp\/v2\/types\/page"}],"author":[{"embeddable":true,"href":"https:\/\/ieslolamora-tuc.infd.edu.ar\/sitio\/wp-json\/wp\/v2\/users\/2983"}],"replies":[{"embeddable":true,"href":"https:\/\/ieslolamora-tuc.infd.edu.ar\/sitio\/wp-json\/wp\/v2\/comments?post=1630"}],"version-history":[{"count":15,"href":"https:\/\/ieslolamora-tuc.infd.edu.ar\/sitio\/wp-json\/wp\/v2\/pages\/1630\/revisions"}],"predecessor-version":[{"id":1768,"href":"https:\/\/ieslolamora-tuc.infd.edu.ar\/sitio\/wp-json\/wp\/v2\/pages\/1630\/revisions\/1768"}],"wp:attachment":[{"href":"https:\/\/ieslolamora-tuc.infd.edu.ar\/sitio\/wp-json\/wp\/v2\/media?parent=1630"}],"curies":[{"name":"wp","href":"https:\/\/api.w.org\/{rel}","templated":true}]}}