{"id":906,"date":"2018-08-31T18:29:30","date_gmt":"2018-08-31T21:29:30","guid":{"rendered":"https:\/\/ieslolamora-tuc.infd.edu.ar\/sitio\/docentes-4\/"},"modified":"2020-05-28T03:44:04","modified_gmt":"2020-05-28T06:44:04","slug":"docentes-4","status":"publish","type":"page","link":"https:\/\/ieslolamora-tuc.infd.edu.ar\/sitio\/docentes-4\/","title":{"rendered":"Docentes"},"content":{"rendered":"<p style=\"text-align: center;\">PROFESORADO DE EDUCACI\u00d3N SECUNDARIA EN ECONOM\u00cdA<\/p>\n<p style=\"text-align: center;\">Equipo de Profesores<\/p>\n<p><strong>\u00a0Coord. de Carrera <\/strong>Mag Lic Ferreyra Teresa Carolina<\/p>\n<p><strong>Coordinadora Pr\u00e1cticas Profesional: <\/strong>Lic. Segovia Alicia Mabel<\/p>\n<p><strong>Ayudante\u00a0 de Trabajos\u00a0 Pr\u00e1cticos: <\/strong>CPN Marcela\u00a0 Vega<\/p>\n<p><strong>Docentes de la Carrera <\/strong><\/p>\n<table width=\"592\">\n<tbody>\n<tr>\n<td colspan=\"2\" width=\"592\">\n<p style=\"text-align: center;\"><strong>PRIMER A\u00d1O<\/strong><\/p>\n<\/td>\n<\/tr>\n<tr>\n<td width=\"252\"><strong>Unidades Curriculares <\/strong><\/td>\n<td width=\"340\"><strong>Docentes <\/strong><\/td>\n<\/tr>\n<tr>\n<td width=\"252\">Pedagog\u00eda<\/td>\n<td width=\"340\">Lic. \u00a0Enrico, Susana Mar\u00eda<\/td>\n<\/tr>\n<tr>\n<td width=\"252\">Psicolog\u00eda Educacional<\/td>\n<td width=\"340\">\u00a0\u00a0Lic. Monserrat Araoz, Viviana In\u00e9s<\/td>\n<\/tr>\n<tr>\n<td width=\"252\">Did\u00e1ctica General<\/td>\n<td width=\"340\">Lic. Bordier, Mar\u00eda Silvina<\/td>\n<\/tr>\n<tr>\n<td width=\"252\">Lectura, Escritura y Oralidad<\/td>\n<td width=\"340\">\u00a0Lic. Galv\u00e1n, Luciana Elizabeth<\/td>\n<\/tr>\n<tr>\n<td width=\"252\">Sistema de Informaci\u00f3n Contable I<\/td>\n<td width=\"340\">CPN Arias Ramona Yolanda<\/td>\n<\/tr>\n<tr>\n<td width=\"252\">Introducci\u00f3n al Derecho<\/td>\n<td width=\"340\">Dra. Apas Mar\u00eda Fabiana<\/td>\n<\/tr>\n<tr>\n<td width=\"252\">Problem\u00e1tica de la Educaci\u00f3n<\/p>\n<p>Secundaria<\/td>\n<td width=\"340\">Lic. Bordier, Mar\u00eda Silvina<\/td>\n<\/tr>\n<tr>\n<td width=\"252\">Introducci\u00f3n a la Econom\u00eda<\/td>\n<td width=\"340\">CPN Arias Ramona Yolanda<\/td>\n<\/tr>\n<tr>\n<td width=\"252\">Algebra<\/td>\n<td width=\"340\">\u00a0Lic. Juliano, Laura Lucia<\/td>\n<\/tr>\n<tr>\n<td width=\"252\">*Pr\u00e1ctica Profesional I<\/p>\n<p>&nbsp;<\/td>\n<td width=\"340\">Prof.\u00a0 P\u00e9rez Narv\u00e1ez Mar\u00eda Ofelia &#8211;<\/p>\n<p>Lic. Segovia Alicia Mabel<\/td>\n<\/tr>\n<\/tbody>\n<\/table>\n<table width=\"634\">\n<tbody>\n<tr>\n<td colspan=\"2\" width=\"634\">\n<p style=\"text-align: center;\">SEGUNDO A\u00d1O &#8211;<\/p>\n<\/td>\n<\/tr>\n<tr>\n<td width=\"312\"><strong>Unidades Curriculares <\/strong><\/td>\n<td width=\"321\"><strong>Docentes<\/strong><\/td>\n<\/tr>\n<tr>\n<td width=\"312\">Historia y Pol\u00edtica Educacional Argentina<\/td>\n<td width=\"321\">Lic De La Cruz Adriana<\/td>\n<\/tr>\n<tr>\n<td width=\"312\">Sociolog\u00eda de la Educaci\u00f3n<\/td>\n<td width=\"321\">\u00a0Lic. Coronel, M\u00f3nica Viviana<\/td>\n<\/tr>\n<tr>\n<td width=\"312\">Tecnolog\u00edas de la Informaci\u00f3n y de la Comunicaci\u00f3n<\/td>\n<td width=\"321\">Prof Moran Favio Rolando<\/td>\n<\/tr>\n<tr>\n<td width=\"312\">Did\u00e1ctica de las Ciencias Econ\u00f3micas I<\/td>\n<td width=\"321\">CPN Schiavone, Marcelo<\/td>\n<\/tr>\n<tr>\n<td width=\"312\">Sistema de Informaci\u00f3n Contable II<\/td>\n<td width=\"321\">CPN Burgos, Claudia<\/td>\n<\/tr>\n<tr>\n<td width=\"312\">An\u00e1lisis Matem\u00e1tico<\/td>\n<td width=\"321\">Prof. Suarez, Gloria Mabel<\/td>\n<\/tr>\n<tr>\n<td width=\"312\">Econom\u00eda I<\/td>\n<td width=\"321\">CPN Ju\u00e1rez Rosa Beatriz<\/td>\n<\/tr>\n<tr>\n<td width=\"312\">Sujetos de la Educaci\u00f3n Secundaria<\/td>\n<td width=\"321\">Lic. Villagra, Dora<\/td>\n<\/tr>\n<tr>\n<td width=\"312\">Derecho Comercial<\/td>\n<td width=\"321\">Dra \u00a0\u00a0Vilma Nancy Rodr\u00edguez<\/td>\n<\/tr>\n<tr>\n<td width=\"312\">*Pr\u00e1ctica Profesional II<\/td>\n<td width=\"321\">CPN Arias Yolanda Ramona \u2013 Lic De La Cruz Adriana<\/td>\n<\/tr>\n<\/tbody>\n<\/table>\n<table width=\"605\">\n<tbody>\n<tr>\n<td colspan=\"2\" width=\"605\">\n<p style=\"text-align: center;\"><strong>TERCER A\u00d1O<\/strong><\/p>\n<\/td>\n<\/tr>\n<tr>\n<td width=\"284\"><strong>Unidades Curriculares <\/strong><\/td>\n<td width=\"321\"><strong>Docentes <\/strong><\/td>\n<\/tr>\n<tr>\n<td width=\"284\">Filosof\u00eda de la Educaci\u00f3n<\/td>\n<td width=\"321\">Lic. Diaz de Arco\u00a0 Nora<\/td>\n<\/tr>\n<tr>\n<td width=\"284\">EDI \u2013 Frances<\/td>\n<td width=\"321\">Lic. Albarrac\u00edn, Lelia In\u00e9s<\/td>\n<\/tr>\n<tr>\n<td width=\"284\">Administraci\u00f3n I<\/td>\n<td width=\"321\">Mg\u00a0 Lic . Ferreyra Teresa Carolina<\/td>\n<\/tr>\n<tr>\n<td width=\"284\">Econom\u00eda II<\/td>\n<td width=\"321\">CPN Schiavone, Marcelo<\/td>\n<\/tr>\n<tr>\n<td width=\"284\">Sistema de Informaci\u00f3n Contable III<\/td>\n<td width=\"321\">CPN Claudia Burgos<\/td>\n<\/tr>\n<tr>\n<td width=\"284\">Probabilidades y Estad\u00edstica Aplicada<\/td>\n<td width=\"321\">\u00a0Lic. Suarez, Gloria Mabel<\/td>\n<\/tr>\n<tr>\n<td width=\"284\">Did\u00e1ctica de las Ciencias Econ\u00f3micas II<\/td>\n<td width=\"321\">CPN Claudia Burgos<\/td>\n<\/tr>\n<tr>\n<td width=\"284\">Matem\u00e1tica Financiera<\/td>\n<td width=\"321\">CPN Schiavone, Marcelo<\/td>\n<\/tr>\n<tr>\n<td width=\"284\">Producci\u00f3n de Recursos Did\u00e1cticos y<\/p>\n<p>Digitales para la Ense\u00f1anza<\/td>\n<td width=\"321\">\u00a0Lic. Albarracin, Lelia In\u00e9s<\/td>\n<\/tr>\n<tr>\n<td width=\"284\">Pr\u00e1ctica Profesional III: En el Ciclo B\u00e1sico del Nivel Secundario<\/td>\n<td width=\"321\">Prof. Aredez Natalia Carolina \u00a0\u2013<\/p>\n<p>Lic. Segovia Alicia Mabel<\/td>\n<\/tr>\n<\/tbody>\n<\/table>\n<table width=\"605\">\n<tbody>\n<tr>\n<td colspan=\"2\" width=\"605\">\n<p style=\"text-align: center;\"><strong>CUARTO A\u00d1O &#8211;<\/strong><\/p>\n<\/td>\n<\/tr>\n<tr>\n<td width=\"284\"><strong>Unidades Curriculares <\/strong><\/td>\n<td width=\"321\">Docentes<\/td>\n<\/tr>\n<tr>\n<td width=\"284\">Educaci\u00f3n Sexual Integral<\/td>\n<td width=\"321\">Lic. Diaz de Arco, Nora<\/td>\n<\/tr>\n<tr>\n<td width=\"284\">Formaci\u00f3n \u00c9tica y Ciudadana<\/td>\n<td width=\"321\">Lic. Diaz de Arco, Nora<\/td>\n<\/tr>\n<tr>\n<td width=\"284\">Did\u00e1ctica de las Ciencias Econ\u00f3micas III<\/td>\n<td width=\"321\">CPN Ju\u00e1rez Rosa Beatriz<\/td>\n<\/tr>\n<tr>\n<td width=\"284\">EDI \u2013 Recursos Humanos<\/td>\n<td width=\"321\">CPN Lic. Elia Mirta<\/td>\n<\/tr>\n<tr>\n<td width=\"284\">Administraci\u00f3n II<\/td>\n<td width=\"321\">Mg- Lic Ferreyra Teresa Carolina<\/td>\n<\/tr>\n<tr>\n<td width=\"284\">Finanzas P\u00fablicas<\/td>\n<td width=\"321\">Dra Fabiana Apas<\/td>\n<\/tr>\n<tr>\n<td width=\"284\">Teor\u00eda y Pr\u00e1ctica Tributaria<\/td>\n<td width=\"321\">Dra, Rodr\u00edguez Vilma Nancy<\/td>\n<\/tr>\n<tr>\n<td width=\"284\">Econom\u00eda Social y Desarrollo Sustentable<\/td>\n<td width=\"321\">Mg. CP Soria de Valle Dora<\/td>\n<\/tr>\n<tr>\n<td width=\"284\">Derecho Empresarial<\/td>\n<td width=\"321\">Dra, Rodr\u00edguez Vilma Nancy<\/td>\n<\/tr>\n<tr>\n<td width=\"284\">EDI Estados Contables<\/td>\n<td width=\"321\">CPN Schiavone, Marcelo<\/td>\n<\/tr>\n<tr>\n<td width=\"284\">Pr\u00e1ctica Profesional IV y Residencia Docente en el Ciclo Orientado del Nivel<\/p>\n<p>Secundario<\/td>\n<td width=\"321\">CPN Ju\u00e1rez Rosa Beatriz<\/p>\n<p>Lic. Villagra Dora<\/td>\n<\/tr>\n<\/tbody>\n<\/table>\n","protected":false},"excerpt":{"rendered":"<p>PROFESORADO DE EDUCACI\u00d3N SECUNDARIA EN ECONOM\u00cdA Equipo de Profesores \u00a0Coord. de Carrera Mag Lic Ferreyra Teresa Carolina Coordinadora Pr\u00e1cticas Profesional: Lic. Segovia Alicia Mabel Ayudante\u00a0 de Trabajos\u00a0 Pr\u00e1cticos: CPN Marcela\u00a0 Vega Docentes de la Carrera PRIMER A\u00d1O Unidades Curriculares Docentes Pedagog\u00eda Lic. \u00a0Enrico, Susana Mar\u00eda Psicolog\u00eda Educacional \u00a0\u00a0Lic. Monserrat Araoz, Viviana In\u00e9s Did\u00e1ctica General Lic. &#8230; <a title=\"Docentes\" class=\"read-more\" href=\"https:\/\/ieslolamora-tuc.infd.edu.ar\/sitio\/docentes-4\/\" aria-label=\"More on Docentes\">[+]<\/a><\/p>\n","protected":false},"author":2983,"featured_media":0,"parent":0,"menu_order":0,"comment_status":"closed","ping_status":"closed","template":"","meta":[],"acf":[],"_links":{"self":[{"href":"https:\/\/ieslolamora-tuc.infd.edu.ar\/sitio\/wp-json\/wp\/v2\/pages\/906"}],"collection":[{"href":"https:\/\/ieslolamora-tuc.infd.edu.ar\/sitio\/wp-json\/wp\/v2\/pages"}],"about":[{"href":"https:\/\/ieslolamora-tuc.infd.edu.ar\/sitio\/wp-json\/wp\/v2\/types\/page"}],"author":[{"embeddable":true,"href":"https:\/\/ieslolamora-tuc.infd.edu.ar\/sitio\/wp-json\/wp\/v2\/users\/2983"}],"replies":[{"embeddable":true,"href":"https:\/\/ieslolamora-tuc.infd.edu.ar\/sitio\/wp-json\/wp\/v2\/comments?post=906"}],"version-history":[{"count":4,"href":"https:\/\/ieslolamora-tuc.infd.edu.ar\/sitio\/wp-json\/wp\/v2\/pages\/906\/revisions"}],"predecessor-version":[{"id":1226,"href":"https:\/\/ieslolamora-tuc.infd.edu.ar\/sitio\/wp-json\/wp\/v2\/pages\/906\/revisions\/1226"}],"wp:attachment":[{"href":"https:\/\/ieslolamora-tuc.infd.edu.ar\/sitio\/wp-json\/wp\/v2\/media?parent=906"}],"curies":[{"name":"wp","href":"https:\/\/api.w.org\/{rel}","templated":true}]}}