{"id":918,"date":"2018-08-31T18:29:34","date_gmt":"2018-08-31T21:29:34","guid":{"rendered":"https:\/\/ieslolamora-tuc.infd.edu.ar\/sitio\/didactica-general-y-especificas\/"},"modified":"2024-12-28T11:30:41","modified_gmt":"2024-12-28T14:30:41","slug":"didactica-general-y-especificas","status":"publish","type":"page","link":"https:\/\/ieslolamora-tuc.infd.edu.ar\/sitio\/didactica-general-y-especificas\/","title":{"rendered":"Proyectos de Mejora Institucional Acompa\u00f1amiento a las trayectorias estudiantiles                                                                                                                                    Did\u00e1ctica General y Espec\u00edficas"},"content":{"rendered":"\n<p>Estos Proyectos fueron iniciados a partir del a\u00f1o 2011, con continuidad en la actualidad, conforme a los ejes tem\u00e1ticos de las Normativas Ministeriales Provinciales y Nacionales.<\/p>\n\n\n\n<p>Destacamos la importancia de estos proyectos que surgieron de las necesidades y experiencias institucionales y fueron objeto de importantes presentaciones y la obtenci\u00f3n de distinciones, proyectos presentados en Feria de Ciencias, con premios desde el a\u00f1o 2011, incluido este a\u00f1o lectivo.<\/p>\n\n\n\n<p>Contamos con la valiosa participaci\u00f3n  de toda la Comunidad Educativa, estudiantes de 1er a 4to a\u00f1o, Docentes Referentes de la Instituci\u00f3n, Docentes noveles, egresados de nuestro IES, Personal en general y Equipo de Conducci\u00f3n.<\/p>\n\n\n\n<p><\/p>\n\n\n<p style=\"text-align: center;\"><span style=\"font-family: arial, helvetica, sans-serif; font-size: 12pt;\"><strong>\u201cLa construcci\u00f3n de la identidad docente en la pr\u00e1ctica&nbsp;<\/strong><\/span><strong style=\"font-family: arial, helvetica, sans-serif; font-size: 12pt;\">pedag\u00f3gica: una tarea conjunta entre formadores, co-formadores y residentes\u201d<\/strong><\/p>\n<p style=\"text-align: center;\"><strong style=\"font-family: arial, helvetica, sans-serif; font-size: 12pt;\">11 y 12 de Octubre 2013<\/strong><\/p>\n<p style=\"text-align: center;\"><span style=\"text-decoration: underline;\"><span style=\"font-size: 12pt; color: #ff0000;\"><a href=\"https:\/\/docs.google.com\/forms\/d\/1b9_xBVlaH--36T5_khLO8bv1n4qcPfGLoATfi435sZM\/viewform#start=embed\" target=\"_blank\" rel=\"noopener\"><span style=\"color: #ff0000; text-decoration: underline;\">&nbsp;Formulario de inscripci\u00f3n&nbsp;en l\u00ednea<\/span><\/a><\/span><\/span><\/p>\n<p><strong><span style=\"font-size: 10pt;\">Fundamentaci\u00f3n<\/span><\/strong><\/p>\n<p><span style=\"font-size: 10pt;\">Desde hace m\u00e1s de 20 a\u00f1os, el Instituto de Ense\u00f1anza Superior \u201cLola Mora\u201d contribuye a&nbsp;<\/span><span style=\"font-size: 10pt;\">la formaci\u00f3n inicial y continua de docentes de nuestro medio siguiendo lineamientos de&nbsp;<\/span><span style=\"font-size: 10pt;\">pol\u00edticas jurisdiccionales y nacionales para el desarrollo profesional docente. En este sentido,&nbsp;<\/span><span style=\"font-size: 10pt;\">la propuesta de realizar un ateneo did\u00e1ctico como un espacio de formaci\u00f3n pensando en&nbsp;<\/span><span style=\"font-size: 10pt;\">el intercambio, an\u00e1lisis y producci\u00f3n de orientaciones sobre situaciones escolares tomadas&nbsp;<\/span><span style=\"font-size: 10pt;\">de la experiencia de los participantes (docentes formadores y co-formadores y estudiantes&nbsp;<\/span><span style=\"font-size: 10pt;\">residentes). Desde el \u00e1mbito de la formaci\u00f3n docente, en el marco de experiencias llevadas&nbsp;<\/span><span style=\"font-size: 10pt;\">adelante por el INFD, Beatriz Alen remarca que \u201cel ateneo es una estrategia de desarrollo&nbsp;<\/span><span style=\"font-size: 10pt;\">profesional que redunda en el incremento del saber implicado en la pr\u00e1ctica a partir del&nbsp;<\/span><span style=\"font-size: 10pt;\">abordaje y de la resoluci\u00f3n de situaciones singulares que la desaf\u00edan en forma constante\u201d&nbsp;<\/span><span style=\"font-size: 10pt;\">(2009). Entonces, desde nuestro rol de formadores tanto de formaci\u00f3n pedag\u00f3gica como&nbsp;<\/span><span style=\"font-size: 10pt;\">de did\u00e1cticas espec\u00edficas de los profesorados de Econom\u00eda, Franc\u00e9s, Ingl\u00e9s y Matem\u00e1tica,&nbsp;<\/span><span style=\"font-size: 10pt;\">creemos sumamente necesario y enriquecedor introducir los ateneos did\u00e1cticos como&nbsp;<\/span><span style=\"font-size: 10pt;\">dispositivos para la reflexi\u00f3n cr\u00edtica y colectiva de experiencias realizadas durante las&nbsp;<\/span><span style=\"font-size: 10pt;\">pr\u00e1cticas pedag\u00f3gicas.<\/span><\/p>\n<p><span style=\"font-size: 10pt;\">Lo fundamental de esta propuesta es el contacto vivencial con experiencias \u00e1ulicas,&nbsp;<\/span><span style=\"font-size: 10pt;\">puesto que los docentes co-formadores y los estudiantes residentes disponen de m\u00faltiples&nbsp;<\/span><span style=\"font-size: 10pt;\">experiencias que les permitir\u00edan repensar e investigar sobre el accionar docente y las&nbsp;<\/span><span style=\"font-size: 10pt;\">problem\u00e1ticas \u00e1ulicas (contexto, matrices de aprendizaje, grupo de pertenencia, diversidad&nbsp;<\/span><span style=\"font-size: 10pt;\">de alumnos, etc) a la luz de los nuevos paradigmas sobre el proceso de ense\u00f1anzaaprendizaje. Esta reflexi\u00f3n esperamos impacte en beneficio de pr\u00e1cticas significativas en&nbsp;<\/span><span style=\"font-size: 10pt;\">vistas de una educaci\u00f3n comprometida con ni\u00f1os y j\u00f3venes.<\/span><\/p>\n<p><span style=\"font-size: 10pt;\">Siguiendo un modelo reflexivo en la formaci\u00f3n inicial de futuros docentes, \u00e9ste ser\u00e1&nbsp;<\/span><span style=\"font-size: 10pt;\">fundamental para acompa\u00f1arlos y guiarlos a fin de mejorar el proceso de ense\u00f1anza y lograr&nbsp;<\/span><span style=\"font-size: 10pt;\">la equidad en el acceso al conocimiento.<\/span><\/p>\n<p><strong><span style=\"font-size: 10pt;\">Objetivos<\/span><\/strong><\/p>\n<p><span style=\"font-size: 10pt;\">\u25cf Promover la reflexi\u00f3n sobre las pr\u00e1cticas docentes enriqueciendo las trayectorias&nbsp;<\/span><span style=\"font-size: 10pt;\">educativas durante la formaci\u00f3n inicial.<\/span><\/p>\n<p><span style=\"font-size: 10pt;\">\u25cf Producir conocimiento base acerca de la formaci\u00f3n para el desarrollo de pr\u00e1cticas&nbsp;<\/span><span style=\"font-size: 10pt;\">reflexivas de los estudiantes residentes.<\/span><\/p>\n<p><span style=\"font-size: 10pt;\">\u25cf Socializar experiencias significativas relativas a la pr\u00e1ctica docente con los estudiantes,&nbsp;<\/span><span style=\"font-size: 10pt;\">a fin de propiciar una instancia que permita el an\u00e1lisis de la pr\u00e1ctica profesional docente&nbsp;<\/span><span style=\"font-size: 10pt;\">desde lo pedag\u00f3gico y did\u00e1ctico.<\/span><\/p>\n<p><span style=\"font-size: 10pt;\">\u25cf Generar un espacio de discusi\u00f3n que permita construir la figura del docente co-formador&nbsp;<\/span><span style=\"font-size: 10pt;\">revalorizando su tarea en el proceso de formaci\u00f3n.<\/span><\/p>\n<p><span style=\"font-size: 10pt;\">\u25cf Propiciar espacios de actualizaci\u00f3n profesional a trav\u00e9s de la implementaci\u00f3n de&nbsp;<\/span><span style=\"font-size: 10pt;\">estrategias metodol\u00f3gicas innovadoras, de nuevos enfoques y contextos para la ense\u00f1anza y&nbsp;<\/span><span style=\"font-size: 10pt;\">de investigaci\u00f3n educativa que redundar\u00e1n en beneficios para el curriculum escolar.<\/span><\/p>\n<p><strong><span style=\"font-size: 10pt;\">Contenidos por ejes tem\u00e1ticos<\/span><\/strong><\/p>\n<p><span style=\"font-size: 10pt;\">Eje tem\u00e1tico 1: Ser docente hoy. Reflexi\u00f3n sobre la pr\u00e1ctica: tensiones e incertidumbre en el&nbsp;<\/span><span style=\"font-size: 10pt;\">aula. La investigaci\u00f3n como una pr\u00e1ctica activa. Desaf\u00edos en el oficio de ense\u00f1ar. Educar para&nbsp;<\/span><span style=\"font-size: 10pt;\">la diversidad. Construcci\u00f3n de la autoridad docente.<\/span><\/p>\n<p><span style=\"font-size: 10pt;\">Eje tem\u00e1tico 2: Representaciones en torno a la pr\u00e1ctica pedag\u00f3gica. Las interacciones&nbsp;<\/span><span style=\"font-size: 10pt;\">en la formaci\u00f3n docente: una tarea cooperativa entre formadores y co-formadores. Los&nbsp;<\/span><span style=\"font-size: 10pt;\">sujetos del aprendizaje. El grupo como espacio de aprendizaje. Factores facilitadores u&nbsp;<\/span><span style=\"font-size: 10pt;\">obstaculizantes de la tarea grupal. Roles en el grupo de aprendizaje.<\/span><\/p>\n<p><span style=\"font-size: 10pt;\">Eje tem\u00e1tico 3: Conocimiento y ense\u00f1anza. La problem\u00e1tica de la selecci\u00f3n, secuenciaci\u00f3n,&nbsp;<\/span><span style=\"font-size: 10pt;\">organizaci\u00f3n de contenidos. Criterios de selecci\u00f3n, organizaci\u00f3n y secuenciaci\u00f3n de&nbsp;<\/span><span style=\"font-size: 10pt;\">contenidos. Articulaci\u00f3n vertical y horizontal. Niveles de concreci\u00f3n en el desarrollo del&nbsp;<\/span><span style=\"font-size: 10pt;\">curr\u00edculum. Documentos referenciales para las disciplinas. Las concepciones de evaluaci\u00f3n&nbsp;<\/span><span style=\"font-size: 10pt;\">que subyacen a las pr\u00e1cticas de ense\u00f1anza. Instrumentos, metodolog\u00edas y estrategias de&nbsp;<\/span><span style=\"font-size: 10pt;\">evaluaci\u00f3n.<\/span><\/p>\n<p><span style=\"font-size: 10pt;\">Eje tem\u00e1tico 4: Materiales did\u00e1cticos en las pr\u00e1cticas pedag\u00f3gicas. Los recursos did\u00e1cticos:&nbsp;<\/span><span style=\"font-size: 10pt;\">del libro a los nuevos entornos de aprendizaje: ventajas y desventajas. Ense\u00f1ar con los&nbsp;<\/span><span style=\"font-size: 10pt;\">multimedia: Variedad de recursos para cada disciplina.<\/span><\/p>\n<p><strong><span style=\"font-size: 10pt;\">Destinatarios<\/span><\/strong><\/p>\n<p><span style=\"font-size: 10pt;\">Directivos, Docentes, asesores pedag\u00f3gicos de escuelas asociadas al IES Lola Mora, egresados noveles y residentes del IES Lola Mora.<\/span><\/p>\n<p><strong><span style=\"font-size: 10pt;\">Actividades y Evaluaci\u00f3n<\/span><\/strong><\/p>\n<p><span style=\"font-size: 10pt;\">Las actividades del ateneo did\u00e1ctico se desarrollar\u00e1n en el sal\u00f3n de actos del IES Lola&nbsp;<\/span><span style=\"font-size: 10pt;\">Mora. Cada eje tem\u00e1tico se iniciar\u00e1 con una exposici\u00f3n de 1 hora c\u00e1tedra a cargo de&nbsp;<\/span><span style=\"font-size: 10pt;\">capacitadores-coordinadores (ver detalle a continuaci\u00f3n) referidas a las tem\u00e1ticas&nbsp;<\/span><span style=\"font-size: 10pt;\">propuestas en el apartado \u201cContenidos\u201d. Luego se proceder\u00e1 a la organizaci\u00f3n de equipos&nbsp;<\/span><span style=\"font-size: 10pt;\">de trabajo conformados por docentes formadores, co-formadores y residentes de los&nbsp;<\/span><span style=\"font-size: 10pt;\">distintos profesorados del IES Lola Mora. Posteriormente y durante 3 horas c\u00e1tedra se&nbsp;<\/span><span style=\"font-size: 10pt;\">abrir\u00e1n Espacios de reflexi\u00f3n donde docentes y residentes realizar\u00e1n tareas de lectura de&nbsp;<\/span><span style=\"font-size: 10pt;\">documentos e intercambios de experiencias y saberes con estudio de casos en relaci\u00f3n&nbsp;<\/span><span style=\"font-size: 10pt;\">a la(s) tem\u00e1tica(s) abordada(s) por el\/los capacitador(es)-coordinador(es). Finalmente,&nbsp;<\/span><span style=\"font-size: 10pt;\">se trabajar\u00e1n sobre las producciones escritas que ser\u00e1n las resultantes de las discusiones&nbsp;<\/span><span style=\"font-size: 10pt;\">(narrativas en memorias, diarios, etc.).<\/span><\/p>\n<p><span style=\"font-size: 10pt;\">Las conclusiones se socializar\u00e1n al final del ateneo, previstas en 2horas c\u00e1tedras restantes y&nbsp;<\/span><span style=\"font-size: 10pt;\">las narrativas se compartir\u00e1n en la plataforma virtual del IES Lola Mora.<\/span><\/p>\n<p><span style=\"font-size: 10pt;\">Este intercambio entre pares, coordinado por un docente especialista y enriquecido con&nbsp;<\/span><span style=\"font-size: 10pt;\">aportes bibliogr\u00e1ficos pertinentes redunda en el incremento del saber implicado en las&nbsp;<\/span><span style=\"font-size: 10pt;\">pr\u00e1cticas y permite arribar a algunas propuestas de acci\u00f3n que se llevar\u00e1n a cabo en las&nbsp;<\/span><span style=\"font-size: 10pt;\">pr\u00e1cticas \u00e1ulicas de docentes y residentes en instituciones asociadas al IES Lola Mora.<\/span><\/p>\n<p><span style=\"font-size: 10pt;\">&nbsp;<\/span><\/p>\n<p><span style=\"font-size: 10pt;\">Responsables institucionales del proyecto:&nbsp;<\/span><span style=\"font-size: 10pt;\">Profs. Rosa Werner, Susana Enrico, Jorge Abboud<\/span><\/p>\n<p><span style=\"font-size: 10pt;\">Docentes responsables del proyecto y a cargo de la formaci\u00f3n (por orden&nbsp;<\/span><span style=\"font-size: 10pt;\">alfab\u00e9tico): Profs. Jorge Abboud, Constanza Avellaneda, Nora D\u00edaz, Mar\u00eda Isabel D\u00edaz,&nbsp;Mirta Elia, Susana&nbsp;<\/span><span style=\"font-size: 10pt;\">Enrico, Beatriz Funes, Marta Naigeboren, Pedro M. Soria, Rosa Werner.<\/span><\/p>\n<p><\/p>","protected":false},"excerpt":{"rendered":"<p>Estos Proyectos fueron iniciados a partir del a\u00f1o 2011, con continuidad en la actualidad, conforme a los ejes tem\u00e1ticos de las Normativas Ministeriales Provinciales y Nacionales. Destacamos la importancia de estos proyectos que surgieron de las necesidades y experiencias institucionales y fueron objeto de importantes presentaciones y la obtenci\u00f3n de distinciones, proyectos presentados en Feria &#8230; <a title=\"Proyectos de Mejora Institucional Acompa\u00f1amiento a las trayectorias estudiantiles                                                                                                                                    Did\u00e1ctica General y Espec\u00edficas\" class=\"read-more\" href=\"https:\/\/ieslolamora-tuc.infd.edu.ar\/sitio\/didactica-general-y-especificas\/\" aria-label=\"More on Proyectos de Mejora Institucional Acompa\u00f1amiento a las trayectorias estudiantiles                                                                                                                                    Did\u00e1ctica General y Espec\u00edficas\">[+]<\/a><\/p>\n","protected":false},"author":2983,"featured_media":0,"parent":0,"menu_order":0,"comment_status":"closed","ping_status":"closed","template":"","meta":[],"acf":[],"_links":{"self":[{"href":"https:\/\/ieslolamora-tuc.infd.edu.ar\/sitio\/wp-json\/wp\/v2\/pages\/918"}],"collection":[{"href":"https:\/\/ieslolamora-tuc.infd.edu.ar\/sitio\/wp-json\/wp\/v2\/pages"}],"about":[{"href":"https:\/\/ieslolamora-tuc.infd.edu.ar\/sitio\/wp-json\/wp\/v2\/types\/page"}],"author":[{"embeddable":true,"href":"https:\/\/ieslolamora-tuc.infd.edu.ar\/sitio\/wp-json\/wp\/v2\/users\/2983"}],"replies":[{"embeddable":true,"href":"https:\/\/ieslolamora-tuc.infd.edu.ar\/sitio\/wp-json\/wp\/v2\/comments?post=918"}],"version-history":[{"count":3,"href":"https:\/\/ieslolamora-tuc.infd.edu.ar\/sitio\/wp-json\/wp\/v2\/pages\/918\/revisions"}],"predecessor-version":[{"id":1780,"href":"https:\/\/ieslolamora-tuc.infd.edu.ar\/sitio\/wp-json\/wp\/v2\/pages\/918\/revisions\/1780"}],"wp:attachment":[{"href":"https:\/\/ieslolamora-tuc.infd.edu.ar\/sitio\/wp-json\/wp\/v2\/media?parent=918"}],"curies":[{"name":"wp","href":"https:\/\/api.w.org\/{rel}","templated":true}]}}